{"id":10,"date":"2023-11-07T14:01:48","date_gmt":"2023-11-07T13:01:48","guid":{"rendered":"http:\/\/domainedelenvol.fr\/?page_id=10"},"modified":"2026-04-10T13:13:07","modified_gmt":"2026-04-10T12:13:07","slug":"nos-vins","status":"publish","type":"page","link":"https:\/\/domainedelenvol.fr\/index.php\/nos-vins\/","title":{"rendered":"Nos Produits"},"content":{"rendered":"<div id=\"pl-10\" class=\"panel-layout\">\n<div id=\"pg-10-0\" class=\"panel-grid panel-no-style\">\n<div id=\"pgc-10-0-0\" class=\"panel-grid-cell\" data-weight=\"1\">\n<div id=\"panel-10-0-0-0\" class=\"so-panel widget widget_sow-editor panel-first-child panel-last-child\" data-index=\"0\" data-style=\"{&quot;background_display&quot;:&quot;tile&quot;}\">\n<div class=\"so-widget-sow-editor so-widget-sow-editor-base\">\n<div class=\"siteorigin-widget-tinymce textwidget\">\n<h3 style=\"text-align: center;\"><span style=\"color: #edc465;\">Notre gamme de vins<\/span><\/h3>\n<blockquote>\n<p style=\"text-align: center;\"><em>Nous voyons nos vins comme des vins de plaisir, de partage et de gastronomie, les plus naturels possibles et en parfaite harmonie avec leurs terroirs<\/em><\/p>\n<\/blockquote>\n<hr \/>\n<\/div>\n<\/div>\n<\/div>\n<\/div>\n<\/div>\n<div id=\"pg-10-1\" class=\"panel-grid panel-no-style\" data-style=\"{&quot;background_display&quot;:&quot;tile&quot;,&quot;cell_alignment&quot;:&quot;flex-start&quot;}\">\n<div id=\"pgc-10-1-0\" class=\"panel-grid-cell panel-grid-cell-mobile-last\" data-weight=\"0.93344155844156\">\n<div id=\"panel-10-1-0-0\" class=\"so-panel widget widget_widget_sp_image widget_sp_image panel-first-child panel-last-child\" data-index=\"1\" data-style=\"{&quot;background_display&quot;:&quot;tile&quot;}\"><\/div>\n<\/div>\n<div id=\"pgc-10-1-1\" class=\"panel-grid-cell panel-grid-cell-empty\" data-style=\"{&quot;background_display&quot;:&quot;tile&quot;,&quot;vertical_alignment&quot;:&quot;auto&quot;}\" data-weight=\"0.066558441558442\"><\/div>\n<\/div>\n<div id=\"pg-10-2\" class=\"panel-grid panel-no-style\" data-style=\"{&quot;background_display&quot;:&quot;tile&quot;,&quot;cell_alignment&quot;:&quot;flex-start&quot;}\">\n<div id=\"pgc-10-2-0\" class=\"panel-grid-cell panel-grid-cell-mobile-last\" data-style=\"{&quot;background_display&quot;:&quot;tile&quot;,&quot;vertical_alignment&quot;:&quot;auto&quot;}\" data-weight=\"0.73418319169028\">\n<div id=\"panel-10-2-0-0\" class=\"so-panel widget widget_sow-editor panel-first-child panel-last-child\" data-index=\"2\" data-style=\"{&quot;background_display&quot;:&quot;tile&quot;}\">\n<div class=\"so-widget-sow-editor so-widget-sow-editor-base\">\n<div class=\"siteorigin-widget-tinymce textwidget\">\n<h4><span style=\"color: #edc465;\"><strong>Nos vins de c\u00e9pages<\/strong><\/span><\/h4>\n<blockquote><p><em>Nos vins de c\u00e9pages sont l\u2019expression la plus significative des c\u00e9pages alsaciens qui leur conf\u00e8re fra\u00eecheur et fruit\u00e9.<\/em><\/p><\/blockquote>\n<ul>\n<li><strong>Trait-d&rsquo;union 2022<br \/>\n<\/strong>Assemblage de Riesling, Sylvaner et Gewurztraminer, ce vin aromatique est frais, agr\u00e9able \u00e0 boire. Il peut se servir \u00e0 l&rsquo;ap\u00e9ritif comme au cours du repas, choucroute, p\u00e2t\u00e9 en cro\u00fbte, ch\u00e8vre chaud.<\/li>\n<\/ul>\n<ul>\n<li><strong>Muscat 2024<br \/>\n<\/strong>Les ar\u00f4mes de ce muscat rappellent la sensation de croquer dans des grains de raisins; il est id\u00e9al \u00e0 l&rsquo;ap\u00e9ritif, accompagn\u00e9 d&rsquo;asperges ou d&rsquo;un fromage frais.<\/li>\n<\/ul>\n<div id=\"cms_main\">\n<div id=\"cms_wrap\">\n<div id=\"cms_content\">\n<div id=\"cms_content_margin\">\n<div>\n<div>\n<div>\n<div>\n<div>\n<div id=\"cms_main\">\n<div id=\"cms_wrap\">\n<div id=\"cms_content\">\n<div id=\"cms_content_margin\">\n<div>\n<div>\n<div>\n<div>\n<div>\n<div id=\"cms_main\">\n<div id=\"cms_wrap\">\n<div id=\"cms_content\">\n<div id=\"cms_content_margin\">\n<div>\n<div>\n<div>\n<div>\n<div>\n<ul>\n<li><strong>Riesling 2024<br \/>\n<\/strong>Riesling au parfum d\u00e9licat d&rsquo;agrumes, acidit\u00e9 fine, id\u00e9ale au cours du repas, volailles, poissons.<\/li>\n<li><strong>Pinot Noir \u00ab\u00a0Symbiose\u00a0\u00bb 2023<\/strong><br \/>\nLa bouche est tr\u00e8s gourmande, elle r\u00e9v\u00e8le des ar\u00f4mes de fruits rouges. Des tanins soyeux structurent le vin. A d\u00e9guster avec un buffet campagnard, des plats italiens, il est \u00e9galement le compagnon id\u00e9al des grillades.<\/li>\n<\/ul>\n<div id=\"cms_main\"><\/div>\n<\/div>\n<\/div>\n<\/div>\n<\/div>\n<\/div>\n<\/div>\n<\/div>\n<\/div>\n<\/div>\n<\/div>\n<\/div>\n<\/div>\n<\/div>\n<\/div>\n<\/div>\n<\/div>\n<\/div>\n<\/div>\n<\/div>\n<\/div>\n<\/div>\n<\/div>\n<\/div>\n<\/div>\n<\/div>\n<\/div>\n<\/div>\n<\/div>\n<\/div>\n<\/div>\n<\/div>\n<\/div>\n<div id=\"pg-10-3\" class=\"panel-grid panel-no-style\" data-style=\"{&quot;background_display&quot;:&quot;tile&quot;,&quot;cell_alignment&quot;:&quot;flex-start&quot;}\">\n<div id=\"pgc-10-3-0\" class=\"panel-grid-cell panel-grid-cell-mobile-last\" data-weight=\"0.73135033050047\">\n<div id=\"panel-10-3-0-0\" class=\"so-panel widget widget_sow-editor panel-first-child panel-last-child\" data-index=\"3\" data-style=\"{&quot;background_display&quot;:&quot;tile&quot;}\">\n<div class=\"so-widget-sow-editor so-widget-sow-editor-base\">\n<div class=\"siteorigin-widget-tinymce textwidget\">\n<h4><span style=\"color: #edc465;\"><strong>Nos vins de terroirs<\/strong><\/span><\/h4>\n<blockquote><p>Nos vins de Terroirs sont issus de Lieux-Dits ; des parcelles de vieilles vignes particuli\u00e8rement r\u00e9put\u00e9es pour la qualit\u00e9 de leur sol et leur exposition au soleil. Ces vins l\u00e0 d\u00e9veloppent une belle puissance aromatique.<strong>\u00a0\u00a0\u00a0\u00a0\u00a0\u00a0\u00a0\u00a0\u00a0\u00a0\u00a0\u00a0\u00a0\u00a0\u00a0\u00a0\u00a0\u00a0\u00a0\u00a0\u00a0\u00a0\u00a0\u00a0\u00a0\u00a0\u00a0\u00a0\u00a0\u00a0\u00a0\u00a0\u00a0\u00a0\u00a0\u00a0\u00a0\u00a0\u00a0\u00a0\u00a0\u00a0\u00a0\u00a0\u00a0\u00a0\u00a0\u00a0\u00a0\u00a0\u00a0\u00a0\u00a0\u00a0\u00a0\u00a0\u00a0\u00a0\u00a0\u00a0\u00a0\u00a0\u00a0\u00a0\u00a0\u00a0\u00a0\u00a0\u00a0\u00a0\u00a0\u00a0\u00a0\u00a0\u00a0\u00a0\u00a0\u00a0\u00a0\u00a0\u00a0\u00a0\u00a0\u00a0\u00a0\u00a0\u00a0\u00a0\u00a0\u00a0\u00a0\u00a0\u00a0\u00a0\u00a0\u00a0\u00a0\u00a0\u00a0\u00a0\u00a0\u00a0\u00a0\u00a0\u00a0\u00a0\u00a0\u00a0\u00a0\u00a0\u00a0\u00a0\u00a0\u00a0\u00a0\u00a0\u00a0\u00a0\u00a0\u00a0\u00a0\u00a0\u00a0\u00a0\u00a0\u00a0\u00a0\u00a0\u00a0\u00a0\u00a0\u00a0\u00a0\u00a0\u00a0\u00a0\u00a0\u00a0\u00a0\u00a0\u00a0\u00a0\u00a0\u00a0\u00a0\u00a0\u00a0\u00a0\u00a0\u00a0\u00a0\u00a0\u00a0\u00a0\u00a0\u00a0\u00a0\u00a0\u00a0\u00a0\u00a0\u00a0\u00a0\u00a0\u00a0\u00a0\u00a0\u00a0\u00a0\u00a0\u00a0\u00a0\u00a0\u00a0\u00a0\u00a0\u00a0\u00a0\u00a0\u00a0\u00a0\u00a0\u00a0\u00a0\u00a0\u00a0\u00a0\u00a0\u00a0\u00a0\u00a0\u00a0\u00a0\u00a0\u00a0\u00a0\u00a0\u00a0\u00a0\u00a0\u00a0\u00a0\u00a0\u00a0\u00a0\u00a0\u00a0\u00a0\u00a0\u00a0\u00a0\u00a0\u00a0\u00a0\u00a0\u00a0\u00a0\u00a0 <\/strong><\/p><\/blockquote>\n<ul>\n<li><strong>Auxerrois Letzenberg 2022<\/strong><br \/>\nNez \u00e9l\u00e9gant de fruits \u00e0 chair blanche, de fruits\u00a0 exotiques . La bouche, riche, d\u00e9ploie des atouts fruit\u00e9s d\u00e9licat. A servir \u00e0 l&rsquo;ap\u00e9ritif, accompagnera \u00e0 merveille une salade du soleil.<\/li>\n<li><strong>Sylvaner Dorfburg 2022<\/strong><br \/>\nNez floral aux notes d&rsquo;aub\u00e9pine, bouche vive et fra\u00eeche. Compagnon des salades et crustac\u00e9s mais aussi de la choucroute.<\/li>\n<li><strong>Riesling Steinweg 2023<\/strong><strong><br \/>\n<\/strong>Un vin sur la fra\u00eecheur avec des notes \u00e0 la fois min\u00e9rales, et fruit\u00e9es avec des nuances d&rsquo;agrumes<strong>.<\/strong> Il accompagnera avec \u00e9l\u00e9gance les viandes blanches, les coquilles St Jacques et la choucroute<strong>.<br \/>\n<\/strong><\/li>\n<\/ul>\n<div id=\"cms_main\">\n<div id=\"cms_wrap\">\n<div id=\"cms_content\">\n<div id=\"cms_content_margin\">\n<ul>\n<li><strong>Pinot Gris Dorfburg 2024<\/strong><br \/>\nUn Pinot Gris sec qui d\u00e9ploie une palette aromatique complexe sur les fruits secs.<br \/>\nPour accompagner les fromages de caract\u00e8re, un risotto aux champignons, une<br \/>\ntourte foresti\u00e8re ou encore un carpaccio de Saint-Jacques<\/li>\n<li><strong>Gewurztraminer Bergweingarten 2023<\/strong><br \/>\nPuissant et riche il d\u00e9veloppe des ar\u00f4mes intenses de litchis et de rose. Il accompagnera vos moments de f\u00eates, \u00e0 l&rsquo;ap\u00e9ritif et avec la cuisine ethnique d&rsquo;influence asiatique<\/li>\n<li><strong>Gewurztraminer Dorfburg 2022<\/strong><br \/>\nRiche mais avec une belle fra\u00eecheur il d\u00e9veloppe des ar\u00f4mes de fruits exotiques. Il accompagnera \u00e0 merveille vos ap\u00e9ritifs ou un feuillet\u00e9 au fromages<\/li>\n<\/ul>\n<\/div>\n<\/div>\n<\/div>\n<\/div>\n<\/div>\n<\/div>\n<\/div>\n<\/div>\n<\/div>\n<div id=\"pg-10-4\" class=\"panel-grid panel-no-style\" data-style=\"{&quot;background_display&quot;:&quot;tile&quot;,&quot;cell_alignment&quot;:&quot;flex-start&quot;}\">\n<div id=\"pgc-10-4-0\" class=\"panel-grid-cell panel-grid-cell-mobile-last\" data-weight=\"0.72851746931067\">\n<div id=\"panel-10-4-0-0\" class=\"so-panel widget widget_sow-editor panel-first-child panel-last-child\" data-index=\"4\" data-style=\"{&quot;background_display&quot;:&quot;tile&quot;}\">\n<div class=\"so-widget-sow-editor so-widget-sow-editor-base\">\n<div class=\"siteorigin-widget-tinymce textwidget\">\n<ul>\n<li><strong>Riesling Grand Cru Wineck Schlossberg 2022<br \/>\n<\/strong>Vin frais, croquant sur des ar\u00f4mes d&rsquo;agrumes, il accompagnera \u00e0 merveille les coquillages.<\/li>\n<li><strong>Riesling Grand Cru Florimont 2023<\/strong><br \/>\nLe nez est splendide de notes d&rsquo;agrumes confits. Sa bouche est soyeuse et g\u00e9n\u00e9reuse, avec une pointe d&rsquo;acidit\u00e9 fine. Une grande et belle longueur sur le citron et des notes de bergamote. Id\u00e9ale avec un tartare de saumon.<\/li>\n<li><strong>Pinot Gris Grand Cru Florimont 2019<br \/>\n<\/strong>Une grande complexit\u00e9 aromatique associant les notes fum\u00e9es et de sous-bois \u00e0 celles \u00e9voquant les fruits secs, tel que l&rsquo;abricot. A savourer avec un risotto aux c\u00e8pes, il est \u00e9galement un compagnon id\u00e9al des desserts.<\/li>\n<li style=\"text-align: left;\"><strong>Gewurztraminer Grand Cru Florimont 2018<\/strong><em><strong><br \/>\n<\/strong><\/em>Onctueux, il pr\u00e9sente un bel \u00e9quilibre entre douceur et fra\u00eecheur, Compagnon id\u00e9al de la cuisine cr\u00e9ole, ou indon\u00e9sienne.<\/li>\n<\/ul>\n<h4><span style=\"color: #edc465;\"><strong>Nos douceurs<\/strong><\/span><\/h4>\n<p>Si les conditions m\u00e9t\u00e9orologiques et l\u2019\u00e9tat sanitaire de la vigne le permettent, nous attendons patiemment la sur maturation des baies, et l\u2019apparition de la pourriture noble appel\u00e9e \u00ab\u00a0Botrytis Cinerea\u00a0\u00bb<\/p>\n<ul>\n<li><strong><em>Vendange Tardive<\/em> Gewurztraminer Grand Cru Florimont <em>2018\u00a0<\/em><br \/>\n<\/strong>Compagnon id\u00e9al du foie gras ou \u00e0 d\u00e9guster seul en vin de plaisir.<\/li>\n<li style=\"text-align: left;\"><strong><em>S\u00e9lection de Grains Nobles<\/em> Pinot Gris 2015 <\/strong><em><strong><br \/>\n<\/strong><\/em>Onctueux, il pr\u00e9sente un bel \u00e9quilibre entre douceur et min\u00e9ralit\u00e9 en bouche. C&rsquo;est un vin de plaisir \u00e0 d\u00e9guster seul, avec un foie gras ou des desserts aux fruits.<\/li>\n<\/ul>\n<div id=\"cms_main\">\n<div id=\"cms_wrap\">\n<div id=\"cms_content\" class=\"right\">\n<div id=\"cms_content_margin\">\n<div class=\"cms_shop\">\n<div>\n<div class=\"shop_list_center\">\n<div class=\"show_list\">\n<div class=\"liste_col1\"><\/div>\n<\/div>\n<\/div>\n<\/div>\n<\/div>\n<\/div>\n<\/div>\n<\/div>\n<\/div>\n<\/div>\n<\/div>\n<\/div>\n<\/div>\n<\/div>\n<div id=\"pg-10-5\" class=\"panel-grid panel-no-style\" data-style=\"{&quot;background_display&quot;:&quot;tile&quot;,&quot;cell_alignment&quot;:&quot;flex-start&quot;}\">\n<div id=\"pgc-10-5-0\" class=\"panel-grid-cell panel-grid-cell-mobile-last\" data-weight=\"0.73135033050047\">\n<div id=\"panel-10-5-0-0\" class=\"so-panel widget widget_sow-editor panel-first-child panel-last-child\" data-index=\"5\" data-style=\"{&quot;background_display&quot;:&quot;tile&quot;}\">\n<div class=\"so-widget-sow-editor so-widget-sow-editor-base\">\n<div class=\"siteorigin-widget-tinymce textwidget\">\n<h4><span style=\"color: #edc465;\"><strong>Nos Bulles<\/strong><\/span><\/h4>\n<ul>\n<li><strong>Cr\u00e9mant d&rsquo;Alsace <\/strong><em><strong>Brut<br \/>\n<\/strong><\/em>Il exprime un nez d\u2019une belle intensit\u00e9 avec des notes de fruits blancs et d\u2019agrumes. La bouche d\u2019une jolie complexit\u00e9, apporte une agr\u00e9able sensation de frai\u0302cheur.<br \/>\nNous utilisons notre propre jus issu de la derni\u00e8re r\u00e9colte, pour r\u00e9aliser notre prise de mousse ainsi que notre levain fait maison. Puis le Cr\u00e9mant m\u00fbrit patiemment \u00ab\u00a0sur lattes\u00a0\u00bb puis, apr\u00e8s 12 mois minimum. Notre Cr\u00e9mant est \u00ab\u00a0Brut\u00a0\u00bb c\u2019est-\u00e0-dire sans adjonction de liqueur d\u2019exp\u00e9dition, soit z\u00e9ro dosage.<\/li>\n<li><strong>Cr\u00e9mant Ros\u00e9 Brut Nature<\/strong> &#8211; Cuv\u00e9e Lise<\/li>\n<\/ul>\n<p>Expressive et gourmande, cette cuv\u00e9e vous invite \u00e0 la cueillette des fruits des bois. 100% Pinot Noir<\/p>\n<ul>\n<li><strong>Bulles de muscat, <em>p\u00e9tillant naturel<\/em><\/strong> &#8211; Vin de France<br \/>\nFrais, croquant, d\u00e9salt\u00e9rant, ce p\u00e9tillant \u00e9labor\u00e9 \u00e0 partir de Muscat ottonel est aromatique et sec. Notre p\u00e9tillant naturel, connu sous le nom de \u00ab\u00a0Pet&rsquo;Nat\u00a0\u00bb est \u00e9labor\u00e9 selon une m\u00e9thode ancestrale, l&rsquo;effervescence de ces bulles provient d&rsquo;une fermentation naturelle en bouteille, issue des sucres naturels du raisin.<\/li>\n<\/ul>\n<div id=\"cms_main\">\n<div id=\"cms_wrap\">\n<div id=\"cms_content\" class=\"right\">\n<div id=\"cms_content_margin\">\n<div class=\"cms_shop\">\n<div>\n<div class=\"shop_list_center\">\n<div class=\"show_list\">\n<div class=\"liste_col1\"><\/div>\n<\/div>\n<\/div>\n<\/div>\n<\/div>\n<\/div>\n<\/div>\n<\/div>\n<\/div>\n<\/div>\n<\/div>\n<\/div>\n<\/div>\n<\/div>\n<div id=\"pg-10-6\" class=\"panel-grid panel-no-style\" data-style=\"{&quot;background_display&quot;:&quot;tile&quot;,&quot;cell_alignment&quot;:&quot;flex-start&quot;}\">\n<div id=\"pgc-10-6-0\" class=\"panel-grid-cell panel-grid-cell-mobile-last\" data-weight=\"0.72761840378696\">\n<div id=\"panel-10-6-0-0\" class=\"so-panel widget widget_sow-editor panel-first-child panel-last-child\" data-index=\"6\" data-style=\"{&quot;background_display&quot;:&quot;tile&quot;}\">\n<div class=\"so-widget-sow-editor so-widget-sow-editor-base\">\n<div class=\"siteorigin-widget-tinymce textwidget\">\n<h4><span style=\"color: #c6b3bc;\"><strong><span style=\"color: #edc465;\">Nos vins issus de mac\u00e9ration<\/span><br \/>\n<\/strong><\/span><\/h4>\n<ul>\n<li><strong>Pinot Gris Steinweg 2019<\/strong><br \/>\nNez \u00e9l\u00e9gant de fruits \u00e0 chair blanche. La bouche d\u00e9ploie des ar\u00f4mes d\u00e9licats, les tanins fins structure le vin. A servir avec des volailles, des fromages frais.<\/li>\n<li><strong>Gewurztraminer Letzenberg 2022<br \/>\n<\/strong>Le nez est puissant sur des ar\u00f4mes de th\u00e9s et de mangue. La bouche est chaleureuse et complexe, c&rsquo;est un vin \u00e0 d\u00e9couvrir avec une assiette de fromages<strong><br \/>\n<\/strong><\/li>\n<li><strong>Evidence 2020<br \/>\n<\/strong><span class=\"d2edcug0 hpfvmrgz qv66sw1b c1et5uql lr9zc1uh a8c37x1j keod5gw0 nxhoafnm aigsh9s9 d3f4x2em fe6kdd0r mau55g9w c8b282yb iv3no6db jq4qci2q a3bd9o3v knj5qynh oo9gr5id hzawbc8m\" dir=\"auto\">Parce que pour nous il est une \u00e9vidence de pouvoir proposer des vins d&rsquo;assemblage de qualit\u00e9 en Alsace. \u00c9vidence est une d\u00e9licate harmonie de Riesling, Sylvaner et Gewurztraminer en mac\u00e9ration pelliculaire sur le lieu dit Dorfburg. <\/span><\/li>\n<li><strong>Pinot Gris WS 2018<\/strong><br \/>\nCe Pinot Gris\u00a0 est issu des pentes granitiques du vignoble de Katzenthal, \u00e0 l&rsquo;est du ch\u00e2teau du Wineck. Il s&rsquo;harmonise autour de la fra\u00eecheur et de la gourmandise<\/li>\n<\/ul>\n<\/div>\n<\/div>\n<\/div>\n<\/div>\n<\/div>\n<div id=\"pg-10-7\" class=\"panel-grid panel-no-style\" data-style=\"{&quot;background_display&quot;:&quot;tile&quot;,&quot;cell_alignment&quot;:&quot;flex-start&quot;}\">\n<div id=\"pgc-10-7-0\" class=\"panel-grid-cell panel-grid-cell-mobile-last\" data-weight=\"0.73010328906221\">\n<div id=\"panel-10-7-0-0\" class=\"so-panel widget widget_sow-editor panel-first-child panel-last-child\" data-index=\"7\" data-style=\"{&quot;background_display&quot;:&quot;tile&quot;}\">\n<div class=\"so-widget-sow-editor so-widget-sow-editor-base\">\n<div class=\"siteorigin-widget-tinymce textwidget\">\n<div id=\"cms_main\">\n<div id=\"cms_wrap\">\n<div id=\"cms_content\">\n<div id=\"cms_content_margin\">\n<div>\n<div>\n<div>\n<div>\n<div>\n<h4><strong><span style=\"color: #c6b3bc;\"><span style=\"color: #edc465;\">Nos Songes d&rsquo;une Reine : \u00c9levage en barrique<\/span><br \/>\n<\/span><\/strong><\/h4>\n<ul>\n<li><strong>Sylvaner Songe d&rsquo;une Reine 2019<br \/>\n<\/strong>Issu de vignes d&rsquo;une moyenne d&rsquo;\u00e2ge de 60 ans, il d\u00e9veloppe des notes de fleurs blanches et une min\u00e9ralit\u00e9 d\u00fb \u00e0 son terroir calcaire. Ample, sec, dot\u00e9 d&rsquo;une belle acidit\u00e9, avec des notes discr\u00e8tes fum\u00e9s il ira parfaitement sur un poisson grill\u00e9 ou des fromages frais.<\/li>\n<\/ul>\n<ul>\n<li><strong>Pinot Noir Songe d&rsquo;une Reine 2022<br \/>\n<\/strong>Les notes de fruits \u00e0 noyaux se m\u00ealent aux parfums plus subtils du poivre, l&rsquo;attaque est souple. Les tanins sont fins, le bois\u00e9 est fondu et \u00e9l\u00e9gant. La fin de bouche s&rsquo;ach\u00e8ve sur les ar\u00f4mes de cerises. Ce Pinot Noir s\u2019\u00e9panouira parfaitement avec des viandes rouges et du petit gibier.<\/li>\n<\/ul>\n<h4><span style=\"color: #edc465;\"><strong>Notre jus de raisin\u00a0<\/strong><\/span><\/h4>\n<ul>\n<li><strong>Jus de raisin <\/strong><br \/>\nUn vrai r\u00e9gal pour les petits comme pour les grands. Jus de fruits de Sylvaner avec un bel \u00e9quilibre sucre\/acide qui le rend tr\u00e8s agr\u00e9able \u00e0 consommer pur ou dilu\u00e9 avec de l&rsquo;eau.<\/li>\n<\/ul>\n<\/div>\n<\/div>\n<\/div>\n<\/div>\n<\/div>\n<\/div>\n<\/div>\n<\/div>\n<\/div>\n<\/div>\n<\/div>\n<\/div>\n<\/div>\n<div id=\"pgc-10-7-1\" class=\"panel-grid-cell panel-grid-cell-empty\" data-weight=\"0.26989671093779\"><\/div>\n<\/div>\n<div id=\"pg-10-8\" class=\"panel-grid panel-no-style\" data-style=\"{&quot;background_display&quot;:&quot;tile&quot;,&quot;cell_alignment&quot;:&quot;flex-start&quot;}\">\n<div id=\"pgc-10-8-0\" class=\"panel-grid-cell\" data-weight=\"1\">\n<div id=\"panel-10-8-0-0\" class=\"so-panel widget widget_sow-button panel-first-child panel-last-child\" data-index=\"8\" data-style=\"{&quot;background_display&quot;:&quot;tile&quot;}\">\n<div class=\"so-widget-sow-button so-widget-sow-button-atom-4e564592aae5\">\n<div class=\"ow-button-base ow-button-align-center\"><a class=\" ow-button-hover\" href=\"http:\/\/domainedelenvol.fr\/index.php\/contact\/\">\u00a0<\/a><\/div>\n<\/div>\n<\/div>\n<\/div>\n<\/div>\n<\/div>\n","protected":false},"excerpt":{"rendered":"<p>Notre gamme de vins Nous voyons nos vins comme des vins de plaisir, de partage et de gastronomie, les plus naturels possibles et en parfaite harmonie avec leurs terroirs Nos vins de c\u00e9pages Nos&#46;&#46;&#46;<\/p>\n","protected":false},"author":1,"featured_media":0,"parent":0,"menu_order":0,"comment_status":"closed","ping_status":"closed","template":"","meta":{"footnotes":""},"yoast_head":"<!-- This site is optimized with the Yoast SEO plugin v21.5 - https:\/\/yoast.com\/wordpress\/plugins\/seo\/ -->\n<title>Nos Produits - Domaine De l&#039;Envol - Vins d&#039;Alsace<\/title>\n<meta name=\"description\" content=\"Nous voyons nos vins comme des vins de plaisir, de partage et de gastronomie, les plus naturels possibles et en parfaite harmonie avec leurs terroirs\" \/>\n<meta name=\"robots\" content=\"index, follow, max-snippet:-1, max-image-preview:large, max-video-preview:-1\" \/>\n<link rel=\"canonical\" href=\"https:\/\/domainedelenvol.fr\/index.php\/nos-vins\/\" \/>\n<meta property=\"og:locale\" content=\"fr_FR\" \/>\n<meta property=\"og:type\" content=\"article\" \/>\n<meta property=\"og:title\" content=\"Nos Produits - Domaine De l&#039;Envol - Vins d&#039;Alsace\" \/>\n<meta property=\"og:description\" content=\"Nous voyons nos vins comme des vins de plaisir, de partage et de gastronomie, les plus naturels possibles et en parfaite harmonie avec leurs terroirs\" \/>\n<meta property=\"og:url\" content=\"https:\/\/domainedelenvol.fr\/index.php\/nos-vins\/\" \/>\n<meta property=\"og:site_name\" content=\"Domaine De l&#039;Envol - Vins d&#039;Alsace\" \/>\n<meta property=\"article:modified_time\" content=\"2026-04-10T12:13:07+00:00\" \/>\n<meta name=\"twitter:card\" content=\"summary_large_image\" \/>\n<meta name=\"twitter:label1\" content=\"Dur\u00e9e de lecture estim\u00e9e\" \/>\n\t<meta name=\"twitter:data1\" content=\"5 minutes\" \/>\n<script type=\"application\/ld+json\" class=\"yoast-schema-graph\">{\"@context\":\"https:\/\/schema.org\",\"@graph\":[{\"@type\":\"WebPage\",\"@id\":\"https:\/\/domainedelenvol.fr\/index.php\/nos-vins\/\",\"url\":\"https:\/\/domainedelenvol.fr\/index.php\/nos-vins\/\",\"name\":\"Nos Produits - Domaine De l&#039;Envol - Vins d&#039;Alsace\",\"isPartOf\":{\"@id\":\"https:\/\/domainedelenvol.fr\/#website\"},\"datePublished\":\"2023-11-07T13:01:48+00:00\",\"dateModified\":\"2026-04-10T12:13:07+00:00\",\"description\":\"Nous voyons nos vins comme des vins de plaisir, de partage et de gastronomie, les plus naturels possibles et en parfaite harmonie avec leurs terroirs\",\"breadcrumb\":{\"@id\":\"https:\/\/domainedelenvol.fr\/index.php\/nos-vins\/#breadcrumb\"},\"inLanguage\":\"fr-FR\",\"potentialAction\":[{\"@type\":\"ReadAction\",\"target\":[\"https:\/\/domainedelenvol.fr\/index.php\/nos-vins\/\"]}]},{\"@type\":\"BreadcrumbList\",\"@id\":\"https:\/\/domainedelenvol.fr\/index.php\/nos-vins\/#breadcrumb\",\"itemListElement\":[{\"@type\":\"ListItem\",\"position\":1,\"name\":\"Accueil\",\"item\":\"https:\/\/domainedelenvol.fr\/\"},{\"@type\":\"ListItem\",\"position\":2,\"name\":\"Nos Produits\"}]},{\"@type\":\"WebSite\",\"@id\":\"https:\/\/domainedelenvol.fr\/#website\",\"url\":\"https:\/\/domainedelenvol.fr\/\",\"name\":\"Domaine De l&#039;Envol - Vins d&#039;Alsace\",\"description\":\"\",\"publisher\":{\"@id\":\"https:\/\/domainedelenvol.fr\/#organization\"},\"potentialAction\":[{\"@type\":\"SearchAction\",\"target\":{\"@type\":\"EntryPoint\",\"urlTemplate\":\"https:\/\/domainedelenvol.fr\/?s={search_term_string}\"},\"query-input\":\"required name=search_term_string\"}],\"inLanguage\":\"fr-FR\"},{\"@type\":\"Organization\",\"@id\":\"https:\/\/domainedelenvol.fr\/#organization\",\"name\":\"Domaine de l'Envol\",\"url\":\"https:\/\/domainedelenvol.fr\/\",\"logo\":{\"@type\":\"ImageObject\",\"inLanguage\":\"fr-FR\",\"@id\":\"https:\/\/domainedelenvol.fr\/#\/schema\/logo\/image\/\",\"url\":\"https:\/\/domainedelenvol.fr\/wp-content\/uploads\/2017\/04\/cropped-Domaine-de-lEnvol-logo-2.png\",\"contentUrl\":\"https:\/\/domainedelenvol.fr\/wp-content\/uploads\/2017\/04\/cropped-Domaine-de-lEnvol-logo-2.png\",\"width\":1450,\"height\":864,\"caption\":\"Domaine de l'Envol\"},\"image\":{\"@id\":\"https:\/\/domainedelenvol.fr\/#\/schema\/logo\/image\/\"}}]}<\/script>\n<!-- \/ Yoast SEO plugin. -->","yoast_head_json":{"title":"Nos Produits - Domaine De l&#039;Envol - Vins d&#039;Alsace","description":"Nous voyons nos vins comme des vins de plaisir, de partage et de gastronomie, les plus naturels possibles et en parfaite harmonie avec leurs terroirs","robots":{"index":"index","follow":"follow","max-snippet":"max-snippet:-1","max-image-preview":"max-image-preview:large","max-video-preview":"max-video-preview:-1"},"canonical":"https:\/\/domainedelenvol.fr\/index.php\/nos-vins\/","og_locale":"fr_FR","og_type":"article","og_title":"Nos Produits - Domaine De l&#039;Envol - Vins d&#039;Alsace","og_description":"Nous voyons nos vins comme des vins de plaisir, de partage et de gastronomie, les plus naturels possibles et en parfaite harmonie avec leurs terroirs","og_url":"https:\/\/domainedelenvol.fr\/index.php\/nos-vins\/","og_site_name":"Domaine De l&#039;Envol - Vins d&#039;Alsace","article_modified_time":"2026-04-10T12:13:07+00:00","twitter_card":"summary_large_image","twitter_misc":{"Dur\u00e9e de lecture estim\u00e9e":"5 minutes"},"schema":{"@context":"https:\/\/schema.org","@graph":[{"@type":"WebPage","@id":"https:\/\/domainedelenvol.fr\/index.php\/nos-vins\/","url":"https:\/\/domainedelenvol.fr\/index.php\/nos-vins\/","name":"Nos Produits - Domaine De l&#039;Envol - Vins d&#039;Alsace","isPartOf":{"@id":"https:\/\/domainedelenvol.fr\/#website"},"datePublished":"2023-11-07T13:01:48+00:00","dateModified":"2026-04-10T12:13:07+00:00","description":"Nous voyons nos vins comme des vins de plaisir, de partage et de gastronomie, les plus naturels possibles et en parfaite harmonie avec leurs terroirs","breadcrumb":{"@id":"https:\/\/domainedelenvol.fr\/index.php\/nos-vins\/#breadcrumb"},"inLanguage":"fr-FR","potentialAction":[{"@type":"ReadAction","target":["https:\/\/domainedelenvol.fr\/index.php\/nos-vins\/"]}]},{"@type":"BreadcrumbList","@id":"https:\/\/domainedelenvol.fr\/index.php\/nos-vins\/#breadcrumb","itemListElement":[{"@type":"ListItem","position":1,"name":"Accueil","item":"https:\/\/domainedelenvol.fr\/"},{"@type":"ListItem","position":2,"name":"Nos Produits"}]},{"@type":"WebSite","@id":"https:\/\/domainedelenvol.fr\/#website","url":"https:\/\/domainedelenvol.fr\/","name":"Domaine De l&#039;Envol - Vins d&#039;Alsace","description":"","publisher":{"@id":"https:\/\/domainedelenvol.fr\/#organization"},"potentialAction":[{"@type":"SearchAction","target":{"@type":"EntryPoint","urlTemplate":"https:\/\/domainedelenvol.fr\/?s={search_term_string}"},"query-input":"required name=search_term_string"}],"inLanguage":"fr-FR"},{"@type":"Organization","@id":"https:\/\/domainedelenvol.fr\/#organization","name":"Domaine de l'Envol","url":"https:\/\/domainedelenvol.fr\/","logo":{"@type":"ImageObject","inLanguage":"fr-FR","@id":"https:\/\/domainedelenvol.fr\/#\/schema\/logo\/image\/","url":"https:\/\/domainedelenvol.fr\/wp-content\/uploads\/2017\/04\/cropped-Domaine-de-lEnvol-logo-2.png","contentUrl":"https:\/\/domainedelenvol.fr\/wp-content\/uploads\/2017\/04\/cropped-Domaine-de-lEnvol-logo-2.png","width":1450,"height":864,"caption":"Domaine de l'Envol"},"image":{"@id":"https:\/\/domainedelenvol.fr\/#\/schema\/logo\/image\/"}}]}},"_links":{"self":[{"href":"https:\/\/domainedelenvol.fr\/index.php\/wp-json\/wp\/v2\/pages\/10"}],"collection":[{"href":"https:\/\/domainedelenvol.fr\/index.php\/wp-json\/wp\/v2\/pages"}],"about":[{"href":"https:\/\/domainedelenvol.fr\/index.php\/wp-json\/wp\/v2\/types\/page"}],"author":[{"embeddable":true,"href":"https:\/\/domainedelenvol.fr\/index.php\/wp-json\/wp\/v2\/users\/1"}],"replies":[{"embeddable":true,"href":"https:\/\/domainedelenvol.fr\/index.php\/wp-json\/wp\/v2\/comments?post=10"}],"version-history":[{"count":356,"href":"https:\/\/domainedelenvol.fr\/index.php\/wp-json\/wp\/v2\/pages\/10\/revisions"}],"predecessor-version":[{"id":2315,"href":"https:\/\/domainedelenvol.fr\/index.php\/wp-json\/wp\/v2\/pages\/10\/revisions\/2315"}],"wp:attachment":[{"href":"https:\/\/domainedelenvol.fr\/index.php\/wp-json\/wp\/v2\/media?parent=10"}],"curies":[{"name":"wp","href":"https:\/\/api.w.org\/{rel}","templated":true}]}}